{"id":329078,"date":"2021-12-10T14:56:18","date_gmt":"2021-12-10T13:56:18","guid":{"rendered":"https:\/\/vithas.es\/centro\/vithas-eurocanarias-instituto-oftalmologico\/"},"modified":"2025-12-11T19:50:36","modified_gmt":"2025-12-11T18:50:36","slug":"vithas-eurocanarias-institut-oftalmologico","status":"publish","type":"center","link":"https:\/\/vithas.es\/ca\/centro\/vithas-eurocanarias-institut-oftalmologico\/","title":{"rendered":"Institut Oftalmol\u00f2gic Vithas EuroCanarias"},"template":"","location":[2407],"centertype":[2419],"appointmenttype":[2249,2438],"perimeter":[],"class_list":["post-329078","center","type-center","status-publish","hentry"],"center_files":[],"wpml_translations":{"ca":{"id":"329078","slug":"vithas-eurocanarias-institut-oftalmologico","lang":"ca"},"en":{"id":"57554","slug":"vithas-eurocanarias-ophthalmological-institute","lang":"en"},"es":{"id":"197","slug":"vithas-eurocanarias-instituto-oftalmologico","lang":"es"}},"yoast_head":"<!-- This site is optimized with the Yoast SEO Premium plugin v27.3 (Yoast SEO v27.3) - https:\/\/yoast.com\/product\/yoast-seo-premium-wordpress\/ -->\n<title>Vithas EuroCanarias Institut Oftalmol\u00f2gic | Hospital Privat<\/title>\n<meta name=\"description\" content=\"L&#039;hospital Vithas EuroCanarias Institut Oftalmol\u00f2gic compta amb un dels millors serveis de salut privada de Gran Can\u00e0ria. Demana cita amb el teu especialista\" \/>\n<meta name=\"robots\" content=\"index, follow, max-snippet:-1, max-image-preview:large, max-video-preview:-1\" \/>\n<link rel=\"canonical\" href=\"https:\/\/vithas.es\/ca\/centro\/vithas-eurocanarias-institut-oftalmologico\/\" \/>\n<meta property=\"og:locale\" content=\"ca_ES\" \/>\n<meta property=\"og:type\" content=\"article\" \/>\n<meta property=\"og:title\" content=\"Institut Oftalmol\u00f2gic Vithas EuroCanarias\" \/>\n<meta property=\"og:description\" content=\"L&#039;hospital Vithas EuroCanarias Institut Oftalmol\u00f2gic compta amb un dels millors serveis de salut privada de Gran Can\u00e0ria. Demana cita amb el teu especialista\" \/>\n<meta property=\"og:url\" content=\"https:\/\/vithas.es\/ca\/centro\/vithas-eurocanarias-institut-oftalmologico\/\" \/>\n<meta property=\"og:site_name\" content=\"Vithas\" \/>\n<meta property=\"article:publisher\" content=\"https:\/\/es-es.facebook.com\/HospitalesVithas\/\" \/>\n<meta property=\"article:modified_time\" content=\"2025-12-11T18:50:36+00:00\" \/>\n<meta property=\"og:image\" content=\"https:\/\/vithas.es\/wp-content\/uploads\/2021\/12\/life_Claim.png\" \/>\n\t<meta property=\"og:image:width\" content=\"1501\" \/>\n\t<meta property=\"og:image:height\" content=\"480\" \/>\n\t<meta property=\"og:image:type\" content=\"image\/png\" \/>\n<meta name=\"twitter:card\" content=\"summary_large_image\" \/>\n<meta name=\"twitter:site\" content=\"@Vithas\" \/>\n<script type=\"application\/ld+json\" class=\"yoast-schema-graph\">{\"@context\":\"https:\\\/\\\/schema.org\",\"@graph\":[{\"@type\":\"WebPage\",\"@id\":\"https:\\\/\\\/vithas.es\\\/ca\\\/centro\\\/vithas-eurocanarias-institut-oftalmologico\\\/\",\"url\":\"https:\\\/\\\/vithas.es\\\/ca\\\/centro\\\/vithas-eurocanarias-institut-oftalmologico\\\/\",\"name\":\"Vithas EuroCanarias Institut Oftalmol\u00f2gic | Hospital Privat\",\"isPartOf\":{\"@id\":\"https:\\\/\\\/vithas.es\\\/#website\"},\"datePublished\":\"2021-12-10T13:56:18+00:00\",\"dateModified\":\"2025-12-11T18:50:36+00:00\",\"description\":\"L'hospital Vithas EuroCanarias Institut Oftalmol\u00f2gic compta amb un dels millors serveis de salut privada de Gran Can\u00e0ria. Demana cita amb el teu especialista\",\"breadcrumb\":{\"@id\":\"https:\\\/\\\/vithas.es\\\/ca\\\/centro\\\/vithas-eurocanarias-institut-oftalmologico\\\/#breadcrumb\"},\"inLanguage\":\"ca\",\"potentialAction\":[{\"@type\":\"ReadAction\",\"target\":[\"https:\\\/\\\/vithas.es\\\/ca\\\/centro\\\/vithas-eurocanarias-institut-oftalmologico\\\/\"]}]},{\"@type\":\"BreadcrumbList\",\"@id\":\"https:\\\/\\\/vithas.es\\\/ca\\\/centro\\\/vithas-eurocanarias-institut-oftalmologico\\\/#breadcrumb\",\"itemListElement\":[{\"@type\":\"ListItem\",\"position\":1,\"name\":\"Hospitales Vithas\",\"item\":\"https:\\\/\\\/vithas.es\\\/ca\\\/\"},{\"@type\":\"ListItem\",\"position\":2,\"name\":\"Institut Oftalmol\u00f2gic Vithas EuroCanarias\"}]},{\"@type\":\"WebSite\",\"@id\":\"https:\\\/\\\/vithas.es\\\/#website\",\"url\":\"https:\\\/\\\/vithas.es\\\/\",\"name\":\"Vithas\",\"description\":\"Vivir para cuidarte\",\"publisher\":{\"@id\":\"https:\\\/\\\/vithas.es\\\/#organization\"},\"potentialAction\":[{\"@type\":\"SearchAction\",\"target\":{\"@type\":\"EntryPoint\",\"urlTemplate\":\"https:\\\/\\\/vithas.es\\\/?s={search_term_string}\"},\"query-input\":{\"@type\":\"PropertyValueSpecification\",\"valueRequired\":true,\"valueName\":\"search_term_string\"}}],\"inLanguage\":\"ca\"},{\"@type\":\"Organization\",\"@id\":\"https:\\\/\\\/vithas.es\\\/#organization\",\"name\":\"Vithas\",\"url\":\"https:\\\/\\\/vithas.es\\\/\",\"logo\":{\"@type\":\"ImageObject\",\"inLanguage\":\"ca\",\"@id\":\"https:\\\/\\\/vithas.es\\\/#\\\/schema\\\/logo\\\/image\\\/\",\"url\":\"https:\\\/\\\/vithas.es\\\/wp-content\\\/uploads\\\/2021\\\/07\\\/vithas-beat-horizontal.svg\",\"contentUrl\":\"https:\\\/\\\/vithas.es\\\/wp-content\\\/uploads\\\/2021\\\/07\\\/vithas-beat-horizontal.svg\",\"width\":406,\"height\":84,\"caption\":\"Vithas\"},\"image\":{\"@id\":\"https:\\\/\\\/vithas.es\\\/#\\\/schema\\\/logo\\\/image\\\/\"},\"sameAs\":[\"https:\\\/\\\/es-es.facebook.com\\\/HospitalesVithas\\\/\",\"https:\\\/\\\/x.com\\\/Vithas\",\"https:\\\/\\\/www.instagram.com\\\/vithas_hospitales\\\/\",\"https:\\\/\\\/www.linkedin.com\\\/company\\\/vithas-hospital\\\/\",\"https:\\\/\\\/www.youtube.com\\\/channel\\\/UC4Dc3WWg5HzldDibyzFpw2Q\"]}]}<\/script>\n<!-- \/ Yoast SEO Premium plugin. -->","yoast_head_json":{"title":"Vithas EuroCanarias Institut Oftalmol\u00f2gic | Hospital Privat","description":"L'hospital Vithas EuroCanarias Institut Oftalmol\u00f2gic compta amb un dels millors serveis de salut privada de Gran Can\u00e0ria. Demana cita amb el teu especialista","robots":{"index":"index","follow":"follow","max-snippet":"max-snippet:-1","max-image-preview":"max-image-preview:large","max-video-preview":"max-video-preview:-1"},"canonical":"https:\/\/vithas.es\/ca\/centro\/vithas-eurocanarias-institut-oftalmologico\/","og_locale":"ca_ES","og_type":"article","og_title":"Institut Oftalmol\u00f2gic Vithas EuroCanarias","og_description":"L'hospital Vithas EuroCanarias Institut Oftalmol\u00f2gic compta amb un dels millors serveis de salut privada de Gran Can\u00e0ria. Demana cita amb el teu especialista","og_url":"https:\/\/vithas.es\/ca\/centro\/vithas-eurocanarias-institut-oftalmologico\/","og_site_name":"Vithas","article_publisher":"https:\/\/es-es.facebook.com\/HospitalesVithas\/","article_modified_time":"2025-12-11T18:50:36+00:00","og_image":[{"width":1501,"height":480,"url":"https:\/\/vithas.es\/wp-content\/uploads\/2021\/12\/life_Claim.png","type":"image\/png"}],"twitter_card":"summary_large_image","twitter_site":"@Vithas","schema":{"@context":"https:\/\/schema.org","@graph":[{"@type":"WebPage","@id":"https:\/\/vithas.es\/ca\/centro\/vithas-eurocanarias-institut-oftalmologico\/","url":"https:\/\/vithas.es\/ca\/centro\/vithas-eurocanarias-institut-oftalmologico\/","name":"Vithas EuroCanarias Institut Oftalmol\u00f2gic | Hospital Privat","isPartOf":{"@id":"https:\/\/vithas.es\/#website"},"datePublished":"2021-12-10T13:56:18+00:00","dateModified":"2025-12-11T18:50:36+00:00","description":"L'hospital Vithas EuroCanarias Institut Oftalmol\u00f2gic compta amb un dels millors serveis de salut privada de Gran Can\u00e0ria. Demana cita amb el teu especialista","breadcrumb":{"@id":"https:\/\/vithas.es\/ca\/centro\/vithas-eurocanarias-institut-oftalmologico\/#breadcrumb"},"inLanguage":"ca","potentialAction":[{"@type":"ReadAction","target":["https:\/\/vithas.es\/ca\/centro\/vithas-eurocanarias-institut-oftalmologico\/"]}]},{"@type":"BreadcrumbList","@id":"https:\/\/vithas.es\/ca\/centro\/vithas-eurocanarias-institut-oftalmologico\/#breadcrumb","itemListElement":[{"@type":"ListItem","position":1,"name":"Hospitales Vithas","item":"https:\/\/vithas.es\/ca\/"},{"@type":"ListItem","position":2,"name":"Institut Oftalmol\u00f2gic Vithas EuroCanarias"}]},{"@type":"WebSite","@id":"https:\/\/vithas.es\/#website","url":"https:\/\/vithas.es\/","name":"Vithas","description":"Vivir para cuidarte","publisher":{"@id":"https:\/\/vithas.es\/#organization"},"potentialAction":[{"@type":"SearchAction","target":{"@type":"EntryPoint","urlTemplate":"https:\/\/vithas.es\/?s={search_term_string}"},"query-input":{"@type":"PropertyValueSpecification","valueRequired":true,"valueName":"search_term_string"}}],"inLanguage":"ca"},{"@type":"Organization","@id":"https:\/\/vithas.es\/#organization","name":"Vithas","url":"https:\/\/vithas.es\/","logo":{"@type":"ImageObject","inLanguage":"ca","@id":"https:\/\/vithas.es\/#\/schema\/logo\/image\/","url":"https:\/\/vithas.es\/wp-content\/uploads\/2021\/07\/vithas-beat-horizontal.svg","contentUrl":"https:\/\/vithas.es\/wp-content\/uploads\/2021\/07\/vithas-beat-horizontal.svg","width":406,"height":84,"caption":"Vithas"},"image":{"@id":"https:\/\/vithas.es\/#\/schema\/logo\/image\/"},"sameAs":["https:\/\/es-es.facebook.com\/HospitalesVithas\/","https:\/\/x.com\/Vithas","https:\/\/www.instagram.com\/vithas_hospitales\/","https:\/\/www.linkedin.com\/company\/vithas-hospital\/","https:\/\/www.youtube.com\/channel\/UC4Dc3WWg5HzldDibyzFpw2Q"]}]}},"meta_box":{"vth_description":"<strong>L'Institut Oftalmol\u00f2gic Vithas Eurocanarias <\/strong> porta m\u00e9s de 25 anys a l'avantguarda de l'especialitat, oferint la <strong>tecnologia m\u00e9s avan\u00e7ada<\/strong> juntament amb la pr\u00e0ctica d'una <strong>medicina personalitzada<\/strong> que sempre es guia per criteris d'excel\u00b7l\u00e8ncia.\r\n\r\nIncorporem estrictes controls de qualitat, com la ISO de qualitat 9001, mediambiental 14001, o el recent certificat IMP (Qualitat i control Quir\u00fargic), permetent que desenvolupem cirurgies molt poc invasives amb uns indicadors de seguretat molt alts.\r\n\r\nA l'Institut Oftalmol\u00f2gic Vithas Eurocanarias disposem de totes les t\u00e8cniques i la tecnologia m\u00e9s avan\u00e7ada per al tractament de totes les patologies que afecten la salut visual dels nostres pacients.\r\n<h3>Equipament tecnol\u00f2gic<\/h3>\r\n<ul>\r\n \t<li>Quir\u00f2fan Intel\u00b7ligent en cirurgia de cataracta i presb\u00edcia<\/li>\r\n \t<li>Blefaropl\u00e0stia amb l\u00e0ser CO2<\/li>\r\n \t<li>Cirurgia refractiva l\u00e0ser i amb lents ICL<\/li>\r\n \t<li>Llum Polsada IPL<\/li>\r\n \t<li>Tractament amb l\u00e0ser SLT per a glaucoma<\/li>\r\n<\/ul>","vth_center_type":{"term_id":2419,"name":"Centro de Oftalmolog\u00eda","slug":"centro-oftalmologia","term_group":0,"term_taxonomy_id":2419,"taxonomy":"centertype","description":"","parent":0,"count":3,"filter":"raw"},"vht_appointment_type":{"term_id":2249,"name":"Contacta amb el centre","slug":"contacta-amb-el-centre","term_group":0,"term_taxonomy_id":2249,"taxonomy":"appointmenttype","description":"Contactar","parent":0,"count":78,"filter":"raw"},"vth_location":{"term_id":2407,"name":"Las Palmas","slug":"las-palmas","term_group":0,"term_taxonomy_id":2407,"taxonomy":"location","description":"","parent":0,"count":3,"filter":"raw"},"vth_image":[{"width":150,"height":150,"file":"2021\/12\/VithasEurocanarias.jpg","filesize":458201,"sizes":{"medium":{"file":"VithasEurocanarias-300x200.jpg","width":300,"height":200,"mime-type":"image\/jpeg","filesize":17404,"url":"https:\/\/vithas.es\/wp-content\/uploads\/2021\/12\/VithasEurocanarias-300x200.jpg"},"large":{"file":"VithasEurocanarias-1024x683.jpg","width":1024,"height":683,"mime-type":"image\/jpeg","filesize":154892,"url":"https:\/\/vithas.es\/wp-content\/uploads\/2021\/12\/VithasEurocanarias-1024x683.jpg"},"thumbnail":{"file":"VithasEurocanarias-150x150.jpg","width":150,"height":150,"mime-type":"image\/jpeg","filesize":7184,"url":"https:\/\/vithas.es\/wp-content\/uploads\/2021\/12\/VithasEurocanarias-150x150.jpg"},"medium_large":{"file":"VithasEurocanarias-768x512.jpg","width":768,"height":512,"mime-type":"image\/jpeg","filesize":92369,"url":"https:\/\/vithas.es\/wp-content\/uploads\/2021\/12\/VithasEurocanarias-768x512.jpg"},"vithas-1440":{"file":"VithasEurocanarias-1254x647.jpg","width":1254,"height":647,"mime-type":"image\/jpeg","filesize":202144,"url":"https:\/\/vithas.es\/wp-content\/uploads\/2021\/12\/VithasEurocanarias-1254x647.jpg"},"vithas-840":{"file":"VithasEurocanarias-840x588.jpg","width":840,"height":588,"mime-type":"image\/jpeg","filesize":112411,"url":"https:\/\/vithas.es\/wp-content\/uploads\/2021\/12\/VithasEurocanarias-840x588.jpg"},"vithas-640":{"file":"VithasEurocanarias-640x725.jpg","width":640,"height":725,"mime-type":"image\/jpeg","filesize":93150,"url":"https:\/\/vithas.es\/wp-content\/uploads\/2021\/12\/VithasEurocanarias-640x725.jpg"},"vithas-588":{"file":"VithasEurocanarias-588x836.jpg","width":588,"height":836,"mime-type":"image\/jpeg","filesize":110344,"url":"https:\/\/vithas.es\/wp-content\/uploads\/2021\/12\/VithasEurocanarias-588x836.jpg"},"vithas-500":{"file":"VithasEurocanarias-500x336.jpg","width":500,"height":336,"mime-type":"image\/jpeg","filesize":43150,"url":"https:\/\/vithas.es\/wp-content\/uploads\/2021\/12\/VithasEurocanarias-500x336.jpg"},"vithas-375A":{"file":"VithasEurocanarias-375x424.jpg","width":375,"height":424,"mime-type":"image\/jpeg","filesize":36371,"url":"https:\/\/vithas.es\/wp-content\/uploads\/2021\/12\/VithasEurocanarias-375x424.jpg"},"vithas-375B":{"file":"VithasEurocanarias-375x416.jpg","width":375,"height":416,"mime-type":"image\/jpeg","filesize":35840,"url":"https:\/\/vithas.es\/wp-content\/uploads\/2021\/12\/VithasEurocanarias-375x416.jpg"},"vithas-325":{"file":"VithasEurocanarias-325x200.jpg","width":325,"height":200,"mime-type":"image\/jpeg","filesize":18777,"url":"https:\/\/vithas.es\/wp-content\/uploads\/2021\/12\/VithasEurocanarias-325x200.jpg"},"vithas-252":{"file":"VithasEurocanarias-252x184.jpg","width":252,"height":184,"mime-type":"image\/jpeg","filesize":13797,"url":"https:\/\/vithas.es\/wp-content\/uploads\/2021\/12\/VithasEurocanarias-252x184.jpg"},"vithas-168":{"file":"VithasEurocanarias-168x168.jpg","width":168,"height":168,"mime-type":"image\/jpeg","filesize":8505,"url":"https:\/\/vithas.es\/wp-content\/uploads\/2021\/12\/VithasEurocanarias-168x168.jpg"},"vithas-288":{"file":"VithasEurocanarias-288x288.jpg","width":288,"height":288,"mime-type":"image\/jpeg","url":"https:\/\/vithas.es\/wp-content\/uploads\/2021\/12\/VithasEurocanarias-288x288.jpg"}},"image_meta":{"aperture":"0","credit":"","camera":"","caption":"","created_timestamp":"1645622426","copyright":"","focal_length":"0","iso":"0","shutter_speed":"0","title":"","orientation":"1","keywords":[]},"ID":"58953","name":"VithasEurocanarias.jpg","path":"\/var\/www\/html\/wp-content\/uploads\/2021\/12\/VithasEurocanarias.jpg","url":"https:\/\/vithas.es\/wp-content\/uploads\/2021\/12\/VithasEurocanarias-150x150.jpg","full_url":"https:\/\/vithas.es\/wp-content\/uploads\/2021\/12\/VithasEurocanarias.jpg","title":"VithasEurocanarias","caption":"","description":"","alt":"","srcset":"https:\/\/vithas.es\/wp-content\/uploads\/2021\/12\/VithasEurocanarias-150x150.jpg 150w, https:\/\/vithas.es\/wp-content\/uploads\/2021\/12\/VithasEurocanarias-168x168.jpg 168w, https:\/\/vithas.es\/wp-content\/uploads\/2021\/12\/VithasEurocanarias-288x288.jpg 288w"}],"vth_website":"","vth_beds":"","vth_icu":"","vth_operating_rooms":"","vth_outpatients":"","vth_addresses":[{"type":"Calle","name":"Le\u00f3n y Castillo","number":"211","latitude":"28.120040","longitude":"-15.425814","phone":"928491090 \/ 92824072","phone_assistance":"De 08.00 a 20.00 hores","city":"Las Palmas de Gran Canaria","state":"Las Palmas","postal_code":"35005","aps":"HoballahA@Vithas.es","email":"infolaspalmas@vithas.es","vth_kentico_id":"87"},{"type":"Calle","name":"Le\u00f3n y Castillo","number":"269","latitude":"28.126046","longitude":"-15.429712","phone":"928240725","city":"Las Palmas de Gran Canaria","state":"Las Palmas","postal_code":"35005","aps":"HoballahA@Vithas.es","email":"infolaspalmas@vithas.es","vth_kentico_id":"88"}],"vth_tuotempo":"tt_novahisoracle_vithas_gca","vth_tuotempo_sap":"","vth_iutils_id":"","vth_iutils_id_sap":"","vth_mdr_id":"","vth_prm_id":"350120","vth_kentico_id":"87","vth_area_id":"sc165b38144a82e9","vth_prescription_id":"","vth_ogs_id":"","vth_perimeter":false,"vth_joint_commission":"0","vth_emergency_24":"1","vth_press_email":"suarezam@vithas.es","vth_press_phone":"659 721 841","vth_banner":[],"vth_center_files":[],"vth_specialities":[{"ID":"12954","specialty":"304802"}],"vth_diagnostic_procedure":[{"ID":"4058","procedure":"323040","specialty":"304727"}],"post_to_center_from":[],"company_to_center_from":[],"reviews_to_center_from":[]},"_links":{"self":[{"href":"https:\/\/vithas.es\/ca\/wp-json\/wp\/v2\/center\/329078","targetHints":{"allow":["GET"]}}],"collection":[{"href":"https:\/\/vithas.es\/ca\/wp-json\/wp\/v2\/center"}],"about":[{"href":"https:\/\/vithas.es\/ca\/wp-json\/wp\/v2\/types\/center"}],"version-history":[{"count":1,"href":"https:\/\/vithas.es\/ca\/wp-json\/wp\/v2\/center\/329078\/revisions"}],"predecessor-version":[{"id":329080,"href":"https:\/\/vithas.es\/ca\/wp-json\/wp\/v2\/center\/329078\/revisions\/329080"}],"wp:attachment":[{"href":"https:\/\/vithas.es\/ca\/wp-json\/wp\/v2\/media?parent=329078"}],"wp:term":[{"taxonomy":"location","embeddable":true,"href":"https:\/\/vithas.es\/ca\/wp-json\/wp\/v2\/location?post=329078"},{"taxonomy":"centertype","embeddable":true,"href":"https:\/\/vithas.es\/ca\/wp-json\/wp\/v2\/centertype?post=329078"},{"taxonomy":"appointmenttype","embeddable":true,"href":"https:\/\/vithas.es\/ca\/wp-json\/wp\/v2\/appointmenttype?post=329078"},{"taxonomy":"perimeter","embeddable":true,"href":"https:\/\/vithas.es\/ca\/wp-json\/wp\/v2\/perimeter?post=329078"}],"curies":[{"name":"wp","href":"https:\/\/api.w.org\/{rel}","templated":true}]}}